{"id":5,"date":"2006-01-29T21:08:32","date_gmt":"2006-01-29T20:08:32","guid":{"rendered":"http:\/\/thewhiteking.org\/?page_id=5"},"modified":"2019-11-18T17:14:00","modified_gmt":"2019-11-18T15:14:00","slug":"eletrajz","status":"publish","type":"page","link":"https:\/\/gyorgydragoman.com\/?page_id=5","title":{"rendered":"\u00c9letrajz"},"content":{"rendered":"<p>1973-ban sz\u00fclettem, tavaly lettem negyvenn\u00e9gy, lassan harminc \u00e9ve \u00e9lek Magyarorsz\u00e1gon, sz\u00fcl\u0151v\u00e1rosomat, Marosv\u00e1s\u00e1rhelyt 1988-ban hagytam el, az\u00f3ta k\u00e9tszer voltam Erd\u00e9lyben, napokig nem tudtam aludni a honv\u00e1gyt\u00f3l, nem mentem t\u00f6bbet, lassan megszoktam az ittl\u00e9tet, Budapest lett az otthonom. 2005 nyar\u00e1ra telt el annyi id\u0151, hogy \u00fagy \u00e9reztem, \u00fajra elmehetek, sz\u00e9p \u00e9s felszabad\u00edt\u00f3 \u00e9lm\u00e9ny volt, egy idegen v\u00e1ros, ahol minden utc\u00e1t ismerek.<br \/>\nA kiv\u00e1ndorl\u00e1s ut\u00e1n n\u00e9gy \u00e9vig Szombathelyen \u00e9ltem, ott j\u00e1rtam gimn\u00e1ziumba \u00e9s ott ismertem meg a feles\u00e9gemet, Szab\u00f3 T. Ann\u00e1t. Fiatalon, huszonk\u00e9t \u00e9vesen n\u0151s\u00fcltem, Ann\u00e1val \u00edr\u00e1sokkal udvaroltunk egym\u00e1snak, \u0151 mindennap \u00edrt nekem egy verset, \u00e9n mindennap \u00edrtam neki egy novell\u00e1t, tizenhat \u00e9vesek voltunk akkor, az\u00f3ta annyi v\u00e1ltozott, hogy sz\u00fcletett k\u00e9t fiam, G\u00e1bor \u00e9s P\u00e1l, most m\u00e1r nekik is lehet \u00edrni verset meg mes\u00e9t.<br \/>\n\u00cdrni tizenh\u00e1rom \u00e9vesen kezdtem, egy k\u00e9pet l\u00e1ttam meg, olyan tiszt\u00e1n \u00e9s plasztikusan, hogy \u00fagy \u00e9reztem, le kell \u00edrnom. Az\u00f3ta is ezzel k\u00eds\u00e9rletezem, el\u00e9g kor\u00e1n elhat\u00e1roztam, hogy reg\u00e9nyt akarok \u00edrni, t\u00edz \u00e9vig tartott, am\u00edg r\u00e1j\u00f6ttem, hogy is kell azt csin\u00e1lni. Az ELTE-re j\u00e1rtam, angol \u00e9s filoz\u00f3fia szakra (k\u00f6zben tagja voltam az E\u00f6tv\u00f6s J\u00f3zsef Collegiumnak \u00e9s L\u00e1thatatlan Koll\u00e9gista is voltam). V\u00e9g\u00fcl a filoz\u00f3fi\u00e1t h\u00e1rom \u00e9v ut\u00e1n, amikor r\u00e1j\u00f6ttem, mekkora munka egy reg\u00e9ny, abbahagytam. Az angolt az\u00e9rt elv\u00e9geztem, s\u0151t a h\u00e1rom \u00e9ves PhD k\u00e9pz\u00e9st is, k\u00f6zben \u00f6t \u00e9ven \u00e1t \u00edrtam, ez volt A puszt\u00edt\u00e1s k\u00f6nyve. 2002-ben jelent meg, abban az \u00e9vben, amikor a nagyobbik fiam sz\u00fcletett.<br \/>\nEz a sz\u00e9p hagyom\u00e1ny 2005-ben folytat\u00f3dott, megjelent a m\u00e1sodik reg\u00e9nyem, <em>A feh\u00e9r kir\u00e1ly<\/em>, \u00e9s megsz\u00fcletett a kisebbik fiam.<br \/>\nA feh\u00e9r kir\u00e1ly az\u00f3ta t\u00f6bb mint harminc nyelven jelent meg, K\u00edn\u00e1t\u00f3l Brazili\u00e1ig ott a vil\u00e1g k\u00f6nyvt\u00e1rainak polcain, 2016-ban Agyness Deyn \u00e9s Jonathan Pryce f\u0151szerepl\u00e9s\u00e9vel brit-amerikai film k\u00e9sz\u00fclt bel\u0151le.<br \/>\n2014-ben megjelent harmadik reg\u00e9nyem a <em>M\u00e1glya<\/em>, egy \u00e9vvel k\u00e9s\u0151bb pedig els\u0151 (tizenk\u00e9t \u00e9v term\u00e9s\u00e9b\u0151l v\u00e1logat\u00f3) novell\u00e1sk\u00f6tetem, az <em>Oroszl\u00e1nk\u00f3rus<\/em>, 2018-ban ezt egy \u00fajabb k\u00f6tet novella, a <em>Rendszer\u00fajra<\/em> k\u00f6vette.<br \/>\nK\u00e9t dr\u00e1m\u00e1m is van, a Nihil \u00e9s a Kalucsni, ut\u00f3bbit 2016-ban mutatt\u00e1k be Kolozsv\u00e1ron, 2017-ben Budapesten, 2019-ben Nyiregyh\u00e1z\u00e1n.<\/p>\n<p>\u00cdr\u00e1saim rendszeresen k\u00f6zlik a magyar \u00e9s k\u00fclf\u00f6ldi lapok \u00e9s magazinok, \u00fagy mint a <em>The Paris Review<\/em>, a <em>Neue Z\u00fcrcher Zeitung<\/em>, a <em>Le Monde<\/em> \u00e9s a <em>The New York Times<\/em>.<br \/>\nRendszeres rovataim vannak a <em>BBC GoodFood,<\/em> a <em>HVG Pszichol\u00f3gia<\/em>, a <em>K\u00e9pm\u00e1s<\/em>, \u00e9s a <em>Qubit.hu<\/em> fel\u00fcletein, \u00e9veken \u00e1t k\u00f6z\u00f6ltem rendszeresen az <em>\u00c9S<\/em>-ben, a <em>N\u00e9pszabads\u00e1g<\/em>ban, a <em>N\u0151k Lapj\u00e1<\/em>ban \u00e9s az <em>ELLEMan<\/em>ben.<br \/>\n\u00cdr\u00e1saim jelentek meg ezen k\u00edv\u00fcl a <em>Holmi<\/em>ban, a <em>Mozg\u00f3 Vil\u00e1g<\/em>ban, a <em>Jelenkor<\/em>ban, az <em>\u00c9S<\/em>-ben, az <em>Alf\u00f6ld<\/em>ben, a <em>Kritik\u00e1<\/em>ban, az <em>Alibi<\/em>ben, a <em>H\u00e9viz<\/em>ben, a <em>M\u0171\u00fat<\/em>ban, a <em>Galaktik\u00e1<\/em>ban \u00e9s m\u00e9g sz\u00e1mos offline \u00e9s online fel\u00fcleten, \u00edrtam\/\u00edrok az <em>ELLE<\/em>-nak, a <em>Playboy<\/em>nak, a <em>Marie Claire<\/em>-nek a <em>Hamu \u00e9s Gy\u00e9m\u00e1nt<\/em>nak. <\/p>\n<p><em>A puszt\u00edt\u00e1s k\u00f6nyv\u00e9<\/em>\u00e9rt 2003-ban Br\u00f3dy d\u00edjat kaptam, 2003-ban Soros \u00f6szt\u00f6nd\u00edjas voltam, \u00e9s megkaptam a Mozg\u00f3 Vil\u00e1g n\u00edv\u00f3d\u00edj\u00e1t. <em>A feh\u00e9r kir\u00e1ly<\/em>\u00e9rt 2005-ben D\u00e9ry T\u00edbor jutalmat kaptam, 2006-ban M\u00e1rai S\u00e1ndor d\u00edjat \u00e9s Artisjus \u00f6szt\u00f6nd\u00edjat. 2007-ben J\u00f3zsef Attila d\u00edjat kaptam. 2008-ban M\u00e1rciusi Ifjak d\u00edjjas lettem, elnyertem a Litera.hu Litera d\u00edj\u00e1t, m\u00e1sodszor is megkaptam a Mozg\u00f3 Vil\u00e1g pr\u00f3zai n\u00edv\u00f3d\u00edj\u00e1t, \u00e9s a Budapesti Rom\u00e1n Kultur\u00e1lis Int\u00e9zet Kult\u00fara d\u00edj\u00e1t. 2011-ben a Feh\u00e9r Kir\u00e1ly elnyerte a sv\u00e1jci Jan Michalski d\u00edjat. 2015 ban F\u00fcst Mil\u00e1n D\u00edjat kaptam, 2016-ban a Gy\u0151ri K\u00f6nyvszalon Alkot\u00f3i D\u00edjasa lettem, 2017-ben tagj\u00e1v\u00e1 v\u00e1lasztott a Sz\u00e9chenyi Irodalmi \u00e9s M\u0171v\u00e9szeti Akad\u00e9mia.<\/p>\n<p>Jelent\u0151sebb k\u00fclf\u00f6ldi \u00f6szt\u00f6nd\u00edjaim: 2006 Akademie der K\u00fcnste &#8211; Berlin, 2008 ULN\u0150 &#8211; Krems, 2008 Literarische Collegium &#8211; Berlin, 2014 Helsinki Collegium of Advanced Studies &#8211; Helsinki, 2015 Lana Buchwurmer &#8211; Lana, 2018 Wissenschaftskollegium &#8211; Berlin<\/p>\n<p>M\u0171ford\u00edt\u00f3k\u00e9nt is dolgoztam,legb\u00fcszk\u00e9bb Samuel Beckett <em>Watt<\/em> c\u00edm\u0171 reg\u00e9nynek magyar v\u00e1ltozat\u00e1ra vagyok, sajnos ford\u00edt\u00e1sra mostan\u00e1ban csak ritk\u00e1n jut id\u0151m, legut\u00f3bb 2014-ben ford\u00edtottam \u00fajra Beckett <em>Sz\u00e9p Napok<\/em> c\u00edm\u0171 darabj\u00e1t a Katona J\u00f3zsef Sz\u00ednh\u00e1znak.<\/p>\n<p>Fontos sz\u00e1momra a k\u00e9pz\u0151m\u0171v\u00e9szet, gyakran k\u00e9rnek fel ki\u00e1ll\u00edt\u00e1smegnyit\u00f3kra. Ilyenkor az alkot\u00e1sok \u00e1ltal inspir\u00e1lt novell\u00e1kat \u00edrok \u00e9s olvasok fel.<\/p>\n<p>Pihen\u00e9sk\u00e9ppen f\u0151zni szoktam.<\/p>\n<p>(Utols\u00f3 friss\u00edt\u00e9s: 2019 janu\u00e1r)<\/p>\n","protected":false},"excerpt":{"rendered":"<p>1973-ban sz\u00fclettem, tavaly lettem negyvenn\u00e9gy, lassan harminc \u00e9ve \u00e9lek Magyarorsz\u00e1gon, sz\u00fcl\u0151v\u00e1rosomat, Marosv\u00e1s\u00e1rhelyt 1988-ban hagytam el, az\u00f3ta k\u00e9tszer voltam Erd\u00e9lyben, napokig nem tudtam aludni a honv\u00e1gyt\u00f3l, nem mentem t\u00f6bbet, lassan megszoktam [&hellip;]<\/p>\n","protected":false},"author":1,"featured_media":0,"parent":0,"menu_order":2,"comment_status":"closed","ping_status":"closed","template":"","meta":{"footnotes":""},"class_list":["post-5","page","type-page","status-publish","hentry","has_no_thumb"],"_links":{"self":[{"href":"https:\/\/gyorgydragoman.com\/index.php?rest_route=\/wp\/v2\/pages\/5","targetHints":{"allow":["GET"]}}],"collection":[{"href":"https:\/\/gyorgydragoman.com\/index.php?rest_route=\/wp\/v2\/pages"}],"about":[{"href":"https:\/\/gyorgydragoman.com\/index.php?rest_route=\/wp\/v2\/types\/page"}],"author":[{"embeddable":true,"href":"https:\/\/gyorgydragoman.com\/index.php?rest_route=\/wp\/v2\/users\/1"}],"replies":[{"embeddable":true,"href":"https:\/\/gyorgydragoman.com\/index.php?rest_route=%2Fwp%2Fv2%2Fcomments&post=5"}],"version-history":[{"count":5,"href":"https:\/\/gyorgydragoman.com\/index.php?rest_route=\/wp\/v2\/pages\/5\/revisions"}],"predecessor-version":[{"id":2681,"href":"https:\/\/gyorgydragoman.com\/index.php?rest_route=\/wp\/v2\/pages\/5\/revisions\/2681"}],"wp:attachment":[{"href":"https:\/\/gyorgydragoman.com\/index.php?rest_route=%2Fwp%2Fv2%2Fmedia&parent=5"}],"curies":[{"name":"wp","href":"https:\/\/api.w.org\/{rel}","templated":true}]}}